{"id":59,"date":"2025-10-10T15:47:33","date_gmt":"2025-10-10T13:47:33","guid":{"rendered":"https:\/\/blogs.abo.fi\/litteraturvetenskap\/?page_id=59"},"modified":"2026-09-02T13:47:49","modified_gmt":"2026-09-02T10:47:49","slug":"var-blogg","status":"publish","type":"page","link":"https:\/\/blogs.abo.fi\/litteraturvetenskap\/var-blogg\/","title":{"rendered":"V\u00e5r blogg"},"content":{"rendered":"<p><strong>Nordan 2026<\/strong><\/p>\n<p>20-21 maj anordnade litteraturvetenskapen vid \u00c5bo Akademi en tr\u00e4ff f\u00f6r forskningsn\u00e4tverket Nordan p\u00e5 temat \u201dBikupor, parh\u00e4star och ensamvargar \u2013 tankar om det vetenskapliga samarbetet\u201d. Nordan \u00e4r ett n\u00e4tverk som knyter samman de litteraturvetenskapliga institutionerna vid \u00c5bo Akademi samt de svenska universiteten Mittuniversitetet och Ume\u00e5 universitet. De tre universiteten turas om att bjuda in till n\u00e4tverkstr\u00e4ff och i \u00e5r var det \u00e5terigen \u00c5bo Akademis tur att st\u00e5 v\u00e4rd.<\/p>\n<p><img loading=\"lazy\" decoding=\"async\" class=\"alignnone size-medium wp-image-94\" src=\"https:\/\/blogs.abo.fi\/litteraturvetenskap\/files\/2026\/09\/Mia-300x259.jpg\" alt=\"\" width=\"300\" height=\"259\" srcset=\"https:\/\/blogs.abo.fi\/litteraturvetenskap\/files\/2026\/09\/Mia-300x259.jpg 300w, https:\/\/blogs.abo.fi\/litteraturvetenskap\/files\/2026\/09\/Mia-1024x885.jpg 1024w, https:\/\/blogs.abo.fi\/litteraturvetenskap\/files\/2026\/09\/Mia-768x664.jpg 768w, https:\/\/blogs.abo.fi\/litteraturvetenskap\/files\/2026\/09\/Mia-1536x1328.jpg 1536w, https:\/\/blogs.abo.fi\/litteraturvetenskap\/files\/2026\/09\/Mia-2048x1771.jpg 2048w\" sizes=\"auto, (max-width: 300px) 100vw, 300px\" \/><\/p>\n<p>\u00c4mnets professor Mia \u00d6sterlund inledde med minnesord om den nyligen bortg\u00e5ngne Clas Zilliacus, professor emeritus i litteraturvetenskap vid \u00c5bo Akademi.<br \/>\nUnder tv\u00e5 soliga, fullsp\u00e4ckade dagar fick de trettio deltagarna sedan lyssna p\u00e5 presentationer om p\u00e5g\u00e5ende avhandlingsarbeten och forskningsprojekt. Det bj\u00f6ds p\u00e5 f\u00f6redrag om allt ifr\u00e5n flickb\u00f6cker, fantastik, nakenhet och rumslighet till skolelevers l\u00e4sande, lyssnande och skrivande.<\/p>\n<p><img loading=\"lazy\" decoding=\"async\" class=\"alignnone size-medium wp-image-95\" src=\"https:\/\/blogs.abo.fi\/litteraturvetenskap\/files\/2026\/09\/Caroline-300x248.jpg\" alt=\"\" width=\"300\" height=\"248\" srcset=\"https:\/\/blogs.abo.fi\/litteraturvetenskap\/files\/2026\/09\/Caroline-300x248.jpg 300w, https:\/\/blogs.abo.fi\/litteraturvetenskap\/files\/2026\/09\/Caroline-1024x847.jpg 1024w, https:\/\/blogs.abo.fi\/litteraturvetenskap\/files\/2026\/09\/Caroline-768x635.jpg 768w, https:\/\/blogs.abo.fi\/litteraturvetenskap\/files\/2026\/09\/Caroline-1536x1270.jpg 1536w, https:\/\/blogs.abo.fi\/litteraturvetenskap\/files\/2026\/09\/Caroline-2048x1693.jpg 2048w\" sizes=\"auto, (max-width: 300px) 100vw, 300px\" \/><\/p>\n<p>Caroline Bergstr\u00f6m (G\u00f6teborgs universitet\/g\u00e4stdoktorand vid \u00c5bo Akademi) presenterade sin avhandling om flickor och utbildning i svenskspr\u00e5kiga flickb\u00f6cker.<\/p>\n<p><img loading=\"lazy\" decoding=\"async\" class=\"alignnone size-medium wp-image-96\" src=\"https:\/\/blogs.abo.fi\/litteraturvetenskap\/files\/2026\/09\/Eva-300x247.jpg\" alt=\"\" width=\"300\" height=\"247\" srcset=\"https:\/\/blogs.abo.fi\/litteraturvetenskap\/files\/2026\/09\/Eva-300x247.jpg 300w, https:\/\/blogs.abo.fi\/litteraturvetenskap\/files\/2026\/09\/Eva-1024x842.jpg 1024w, https:\/\/blogs.abo.fi\/litteraturvetenskap\/files\/2026\/09\/Eva-768x631.jpg 768w, https:\/\/blogs.abo.fi\/litteraturvetenskap\/files\/2026\/09\/Eva-1536x1262.jpg 1536w, https:\/\/blogs.abo.fi\/litteraturvetenskap\/files\/2026\/09\/Eva-2048x1683.jpg 2048w\" sizes=\"auto, (max-width: 300px) 100vw, 300px\" \/><\/p>\n<p>Eva Nordlinder (Mittuniversitetet) ber\u00e4ttade om ett p\u00e5g\u00e5ende projekt som j\u00e4mf\u00f6r ljudbokslyssnande, h\u00f6gl\u00e4sning och tyst l\u00e4sning i grundskolemilj\u00f6.<\/p>\n<p>En session \u00e4gnades helt \u00e5t \u00e5rets tema: det vetenskapliga samarbetet. Konkreta exempel p\u00e5 vad akademiska parh\u00e4star kan \u00e5stadkomma tillsammans blandades med mer teoretiska diskussioner om samarbetet som koncept \u2013 kanske rentav fix id\u00e9! \u2013 i universitetsv\u00e4rlden.<\/p>\n<p><img loading=\"lazy\" decoding=\"async\" class=\"alignnone size-medium wp-image-97\" src=\"https:\/\/blogs.abo.fi\/litteraturvetenskap\/files\/2026\/09\/Annelie-Mia-och-Miranda-289x300.jpg\" alt=\"\" width=\"289\" height=\"300\" srcset=\"https:\/\/blogs.abo.fi\/litteraturvetenskap\/files\/2026\/09\/Annelie-Mia-och-Miranda-289x300.jpg 289w, https:\/\/blogs.abo.fi\/litteraturvetenskap\/files\/2026\/09\/Annelie-Mia-och-Miranda-985x1024.jpg 985w, https:\/\/blogs.abo.fi\/litteraturvetenskap\/files\/2026\/09\/Annelie-Mia-och-Miranda-768x799.jpg 768w, https:\/\/blogs.abo.fi\/litteraturvetenskap\/files\/2026\/09\/Annelie-Mia-och-Miranda-1477x1536.jpg 1477w, https:\/\/blogs.abo.fi\/litteraturvetenskap\/files\/2026\/09\/Annelie-Mia-och-Miranda-1970x2048.jpg 1970w\" sizes=\"auto, (max-width: 289px) 100vw, 289px\" \/><\/p>\n<p>I samarbetets anda bidrog Annelie Br\u00e4nstr\u00f6m-\u00d6hman (Ume\u00e5 universitet) och Mia Franck (\u00c5bo Akademi) med en gemensam presentation under rubriken \u201dFiktionens blick I-II\u201d. Konferensarrang\u00f6ren Miranda Geust h\u00f6ll st\u00e4llningarna.<\/p>\n<p>P\u00e5 onsdagskv\u00e4llen anordnades middag p\u00e5 restaurang Kakolanruusu. Efter programmets sista session p\u00e5 torsdagen fortsatte festligheterna med sk\u00e5lande i bubbel f\u00f6r Olga Engfelts bok <em>V\u00e4gen mellan \u00f6st och v\u00e4st. Tito Collianders gr\u00e4ns\u00f6verskridande resa<\/em>.<\/p>\n<p>Inte nog med detta! P\u00e5 fredagen disputerade \u00e4mnets Ulrika Lif med doktorsavhandlingen <em>&#8221;Ingen har egentligen f\u00f6rst\u00e5tt hur radikal jag \u00e4r&#8221;. Skammen som sm\u00e4rtpunkt, j\u00e4mlikheten som vision hos Lars Ahlin<\/em>.<\/p>\n<p>\/Hanna Liljeqvist<\/p>\n","protected":false},"excerpt":{"rendered":"<p>Nordan 2026 20-21 maj anordnade litteraturvetenskapen vid \u00c5bo Akademi en tr\u00e4ff f\u00f6r forskningsn\u00e4tverket Nordan p\u00e5 temat \u201dBikupor, parh\u00e4star och ensamvargar \u2013 tankar om det vetenskapliga samarbetet\u201d. Nordan \u00e4r ett n\u00e4tverk som knyter samman de litteraturvetenskapliga institutionerna vid \u00c5bo Akademi samt de svenska universiteten Mittuniversitetet och Ume\u00e5 universitet. De tre universiteten turas om att bjuda in &hellip; <\/p>\n<p class=\"link-more\"><a href=\"https:\/\/blogs.abo.fi\/litteraturvetenskap\/var-blogg\/\" class=\"more-link\">Forts\u00e4tt l\u00e4sa<span class=\"screen-reader-text\"> \u201dV\u00e5r blogg\u201d<\/span><\/a><\/p>\n","protected":false},"author":795,"featured_media":0,"parent":0,"menu_order":0,"comment_status":"closed","ping_status":"closed","template":"","meta":{"footnotes":""},"class_list":["post-59","page","type-page","status-publish","hentry"],"_links":{"self":[{"href":"https:\/\/blogs.abo.fi\/litteraturvetenskap\/wp-json\/wp\/v2\/pages\/59","targetHints":{"allow":["GET"]}}],"collection":[{"href":"https:\/\/blogs.abo.fi\/litteraturvetenskap\/wp-json\/wp\/v2\/pages"}],"about":[{"href":"https:\/\/blogs.abo.fi\/litteraturvetenskap\/wp-json\/wp\/v2\/types\/page"}],"author":[{"embeddable":true,"href":"https:\/\/blogs.abo.fi\/litteraturvetenskap\/wp-json\/wp\/v2\/users\/795"}],"replies":[{"embeddable":true,"href":"https:\/\/blogs.abo.fi\/litteraturvetenskap\/wp-json\/wp\/v2\/comments?post=59"}],"version-history":[{"count":2,"href":"https:\/\/blogs.abo.fi\/litteraturvetenskap\/wp-json\/wp\/v2\/pages\/59\/revisions"}],"predecessor-version":[{"id":99,"href":"https:\/\/blogs.abo.fi\/litteraturvetenskap\/wp-json\/wp\/v2\/pages\/59\/revisions\/99"}],"wp:attachment":[{"href":"https:\/\/blogs.abo.fi\/litteraturvetenskap\/wp-json\/wp\/v2\/media?parent=59"}],"curies":[{"name":"wp","href":"https:\/\/api.w.org\/{rel}","templated":true}]}}