{"id":89,"date":"2019-09-27T15:03:47","date_gmt":"2019-09-27T13:03:47","guid":{"rendered":"https:\/\/blogs.abo.fi\/pedagogik-och-lararfortbildning\/?page_id=89"},"modified":"2020-05-11T13:03:47","modified_gmt":"2020-05-11T11:03:47","slug":"amneskategorier","status":"publish","type":"page","link":"https:\/\/blogs.abo.fi\/pedagogik-och-lararfortbildning\/amneskategorier\/","title":{"rendered":"\u00c4mneskategorier"},"content":{"rendered":"<p><img loading=\"lazy\" decoding=\"async\" class=\"alignnone size-full wp-image-224\" src=\"https:\/\/blogs.abo.fi\/pedagogik-och-lararfortbildning\/files\/2020\/05\/amneskategorier.jpg\" alt=\"\" width=\"600\" height=\"300\" srcset=\"https:\/\/blogs.abo.fi\/pedagogik-och-lararfortbildning\/files\/2020\/05\/amneskategorier.jpg 600w, https:\/\/blogs.abo.fi\/pedagogik-och-lararfortbildning\/files\/2020\/05\/amneskategorier-300x150.jpg 300w\" sizes=\"auto, (max-width: 600px) 100vw, 600px\" \/><\/p>\n<p>H\u00e4r hittar du en guide f\u00f6r v\u00e5ra olika \u00e4mneskategorier. Klicka bara p\u00e5 den kategori som intresserar dig s\u00e5 hittar du alla v\u00e5ra inl\u00e4gg i \u00e4mnet!<\/p>\n<p><strong>Indelning enligt utbildningsstadie:<\/strong><\/p>\n<table style=\"border-collapse: collapse;width: 100%\">\n<tbody>\n<tr>\n<td style=\"width: 50%;padding-left: 40px\"><a href=\"https:\/\/blogs.abo.fi\/pedagogik-och-lararfortbildning\/category\/smabarnspedagogik-och-forskola\/\">Sm\u00e5barnspedagogiken<\/a><\/td>\n<td style=\"width: 50%;padding-left: 40px\"><a href=\"https:\/\/blogs.abo.fi\/pedagogik-och-lararfortbildning\/category\/grundlaggande-utbildning\/\">Grundl\u00e4ggande utbildningen<\/a><\/td>\n<\/tr>\n<tr>\n<td style=\"width: 50%;padding-left: 80px\"><a href=\"https:\/\/blogs.abo.fi\/pedagogik-och-lararfortbildning\/category\/andra-stadiets-utbildning\/\">Andra stadiet<\/a><\/td>\n<td style=\"width: 50%;padding-left: 40px\"><a href=\"https:\/\/blogs.abo.fi\/pedagogik-och-lararfortbildning\/category\/ledarskap\/\">Ledarskap och organisation<\/a><\/td>\n<\/tr>\n<\/tbody>\n<\/table>\n<p><strong>Indelning enligt \u00e4mnesomr\u00e5de:<\/strong><\/p>\n<ul>\n<li><a href=\"https:\/\/blogs.abo.fi\/pedagogik-och-lararfortbildning\/category\/digital-kompetens\/\">Digital kompetens<\/a><\/li>\n<li><a href=\"https:\/\/blogs.abo.fi\/pedagogik-och-lararfortbildning\/category\/valmaende\/\">Positiv psykologi och v\u00e4lm\u00e5ende<\/a><\/li>\n<li><a href=\"https:\/\/blogs.abo.fi\/pedagogik-och-lararfortbildning\/category\/sprak\/\">Spr\u00e5k<\/a><\/li>\n<li><a href=\"https:\/\/blogs.abo.fi\/pedagogik-och-lararfortbildning\/category\/tutorer\/\">Tutorer<\/a><\/li>\n<\/ul>\n<p>(Dessa kategorier ut\u00f6kas vart efter vi laddar upp nya inl\u00e4gg.)<\/p>\n","protected":false},"excerpt":{"rendered":"<p>H\u00e4r hittar du en guide f\u00f6r v\u00e5ra olika \u00e4mneskategorier. Klicka bara p\u00e5 den kategori som intresserar dig s\u00e5 hittar du alla v\u00e5ra inl\u00e4gg i \u00e4mnet! Indelning enligt utbildningsstadie: Sm\u00e5barnspedagogiken Grundl\u00e4ggande utbildningen Andra stadiet Ledarskap och organisation Indelning enligt \u00e4mnesomr\u00e5de: Digital kompetens Positiv psykologi och v\u00e4lm\u00e5ende Spr\u00e5k Tutorer (Dessa kategorier ut\u00f6kas vart efter vi laddar upp &hellip; <\/p>\n<p class=\"link-more\"><a href=\"https:\/\/blogs.abo.fi\/pedagogik-och-lararfortbildning\/amneskategorier\/\" class=\"more-link\">Forts\u00e4tt l\u00e4sa<span class=\"screen-reader-text\"> \u201d\u00c4mneskategorier\u201d<\/span><\/a><\/p>\n","protected":false},"author":619,"featured_media":0,"parent":0,"menu_order":0,"comment_status":"closed","ping_status":"closed","template":"","meta":{"footnotes":""},"class_list":["post-89","page","type-page","status-publish","hentry"],"_links":{"self":[{"href":"https:\/\/blogs.abo.fi\/pedagogik-och-lararfortbildning\/wp-json\/wp\/v2\/pages\/89","targetHints":{"allow":["GET"]}}],"collection":[{"href":"https:\/\/blogs.abo.fi\/pedagogik-och-lararfortbildning\/wp-json\/wp\/v2\/pages"}],"about":[{"href":"https:\/\/blogs.abo.fi\/pedagogik-och-lararfortbildning\/wp-json\/wp\/v2\/types\/page"}],"author":[{"embeddable":true,"href":"https:\/\/blogs.abo.fi\/pedagogik-och-lararfortbildning\/wp-json\/wp\/v2\/users\/619"}],"replies":[{"embeddable":true,"href":"https:\/\/blogs.abo.fi\/pedagogik-och-lararfortbildning\/wp-json\/wp\/v2\/comments?post=89"}],"version-history":[{"count":7,"href":"https:\/\/blogs.abo.fi\/pedagogik-och-lararfortbildning\/wp-json\/wp\/v2\/pages\/89\/revisions"}],"predecessor-version":[{"id":225,"href":"https:\/\/blogs.abo.fi\/pedagogik-och-lararfortbildning\/wp-json\/wp\/v2\/pages\/89\/revisions\/225"}],"wp:attachment":[{"href":"https:\/\/blogs.abo.fi\/pedagogik-och-lararfortbildning\/wp-json\/wp\/v2\/media?parent=89"}],"curies":[{"name":"wp","href":"https:\/\/api.w.org\/{rel}","templated":true}]}}